{"id":861,"date":"2018-06-04T10:37:19","date_gmt":"2018-06-04T10:37:19","guid":{"rendered":"http:\/\/www.kyrioschms.com\/?page_id=861"},"modified":"2021-01-11T10:23:30","modified_gmt":"2021-01-11T10:23:30","slug":"formacao-introducao-ao-kyrios-chms-uma-visao-geral","status":"publish","type":"page","link":"https:\/\/www.kyrioschms.com\/it\/formazione-introduzione-a-kyrios-chms-an-panoramica\/","title":{"rendered":"Formazione Introduzione a Kyrios ChMS - una panoramica"},"content":{"rendered":"<p><strong>Formazione Introduzione a Kyrios ChMS - una panoramica<\/strong><\/p>\n<p><strong>Quando:<\/strong> 14 giugno, dalle 14:30 alle 17:00.<br \/>\n<strong>Dove:<\/strong> PeakIT - Ideia-Atl\u00e2ntico Business Center, cx. 120, 4719-005 Braga<br \/>\n<strong>Posti limitati\u00a0<\/strong><\/p>\n<p>In questa formazione ci avvicineremo in un modo molto pratico e semplice:<\/p>\n<ul>\n<li>Come configurare correttamente Kyrios per la mia parrocchia<\/li>\n<li>Archivio\n<ul>\n<li>record individuali<\/li>\n<li>famiglie<\/li>\n<\/ul>\n<\/li>\n<li>Sacramenti<\/li>\n<li>Tesoro<\/li>\n<li>Contabilit\u00e0<\/li>\n<li>Pagina Internet<\/li>\n<\/ul>\n<p>&nbsp;<\/p>\n<p><strong>Effettua la registrazione nel modulo sottostante:<\/strong><\/p>\n<div class=\"frm_forms  with_frm_style frm_style_formidable-style\" id=\"frm_form_14_container\" >\n<form enctype=\"multipart\/form-data\" method=\"post\" class=\"frm-show-form\" id=\"form_akx4d2\" action=\"\" >\n<div class=\"frm_form_fields\">\n<fieldset>\n<legend class=\"frm_hidden\">Formazione<\/legend>\r\n\r\n<div class=\"frm_fields_container\">\n<input type=\"hidden\" name=\"frm_action\" value=\"create\" \/>\n<input type=\"hidden\" name=\"form_id\" value=\"14\" \/>\n<input type=\"hidden\" name=\"frm_hide_fields_14\" id=\"frm_hide_fields_14\" value=\"\" \/>\n<input type=\"hidden\" name=\"form_key\" value=\"akx4d2\" \/>\n<input type=\"hidden\" name=\"item_meta[0]\" value=\"\" \/>\n<input type=\"hidden\" id=\"frm_submit_entry_14\" name=\"frm_submit_entry_14\" value=\"444cf5338c\" \/><input type=\"hidden\" name=\"_wp_http_referer\" value=\"\/it\/wp-json\/wp\/v2\/pages\/861\" \/><div id=\"frm_field_74_container\" class=\"frm_form_field  frm_html_container form-field\"><b>I tuoi dati<\/b><\/div>\n<div id=\"frm_field_75_container\" class=\"frm_form_field form-field  frm_required_field frm_left_container frm_full\">\r\n    <label for=\"field_y6sb42\" class=\"frm_primary_label\">Nome\r\n        <span class=\"frm_required\">*<\/span>\r\n    <\/label>\r\n    <input type=\"text\" id=\"field_y6sb42\" name=\"item_meta[75]\" value=\"\"  data-reqmsg=\"Este campo n\u00e3o pode estar vazio.\" aria-required=\"true\" data-invmsg=\"Text is invalid\" aria-invalid=\"false\"  \/>\r\n    \r\n    \r\n<\/div>\n<div id=\"frm_field_76_container\" class=\"frm_form_field form-field  frm_required_field frm_left_container frm_full\">\r\n    <label for=\"field_yjio62\" class=\"frm_primary_label\">Diocesi\r\n        <span class=\"frm_required\">*<\/span>\r\n    <\/label>\r\n    <input type=\"text\" id=\"field_yjio62\" name=\"item_meta[76]\" value=\"\"  data-reqmsg=\"Diocese cannot be blank.\" aria-required=\"true\" data-invmsg=\"Text is invalid\" aria-invalid=\"false\"  \/>\r\n    \r\n    \r\n<\/div>\n<div id=\"frm_field_89_container\" class=\"frm_form_field form-field  frm_required_field frm_left_container frm_full\">\r\n    <label for=\"field_l08wz\" class=\"frm_primary_label\">Arciprestado\r\n        <span class=\"frm_required\">*<\/span>\r\n    <\/label>\r\n    <input type=\"text\" id=\"field_l08wz\" name=\"item_meta[89]\" value=\"\"  data-reqmsg=\"Arciprestado cannot be blank.\" aria-required=\"true\" data-invmsg=\"Text is invalid\" aria-invalid=\"false\"  \/>\r\n    \r\n    \r\n<\/div>\n<div id=\"frm_field_84_container\" class=\"frm_form_field form-field  frm_required_field frm_left_container frm_full\">\r\n    <label for=\"field_mhq7i\" class=\"frm_primary_label\">Parrocchia \/ Istituzione\r\n        <span class=\"frm_required\">*<\/span>\r\n    <\/label>\r\n    <input type=\"text\" id=\"field_mhq7i\" name=\"item_meta[84]\" value=\"\"  data-reqmsg=\"Este campo n\u00e3o pode estar vazio.\" aria-required=\"true\" data-invmsg=\"Text is invalid\" aria-invalid=\"false\"  \/>\r\n    \r\n    \r\n<\/div>\n<div id=\"frm_field_77_container\" class=\"frm_form_field form-field  frm_required_field frm_left_container frm_first_half\">\r\n    <label for=\"field_fgvpn2\" class=\"frm_primary_label\">E-mail\r\n        <span class=\"frm_required\">*<\/span>\r\n    <\/label>\r\n    <input type=\"email\" id=\"field_fgvpn2\" name=\"item_meta[77]\" value=\"\"  data-reqmsg=\"Este campo n\u00e3o pode estar vazio.\" aria-required=\"true\" data-invmsg=\"O endere\u00e7o de email \u00e9 inv\u00e1lido\" aria-invalid=\"false\"  \/>\r\n    \r\n    \r\n<\/div>\n<div id=\"frm_field_85_container\" class=\"frm_form_field form-field  frm_required_field frm_left_container frm_first_half\">\r\n    <label for=\"field_7bkhb\" class=\"frm_primary_label\">Mobile\r\n        <span class=\"frm_required\">*<\/span>\r\n    <\/label>\r\n    <input type=\"tel\" id=\"field_7bkhb\" name=\"item_meta[85]\" value=\"\"  data-reqmsg=\"Este campo n\u00e3o pode estar vazio.\" aria-required=\"true\" data-invmsg=\"O endere\u00e7o de telefone \u00e9 inv\u00e1lido\" aria-invalid=\"false\" pattern=\"((\\+\\d{1,3}(-|.| )?\\(?\\d\\)?(-| |.)?\\d{1,5})|(\\(?\\d{2,6}\\)?))(-|.| )?(\\d{3,4})(-|.| )?(\\d{4})(( x| ext)\\d{1,5}){0,1}$\"  \/>\r\n    \r\n    \r\n<\/div>\n<div id=\"frm_field_88_container\" class=\"frm_form_field form-field  frm_required_field frm_top_container vertical_radio\">\r\n    <label for=\"field_h4558\" class=\"frm_primary_label\">Formazione desiderata (scegli un&#039;opzione)\r\n        <span class=\"frm_required\">*<\/span>\r\n    <\/label>\r\n    <div class=\"frm_opt_container\">\t\t<div class=\"frm_radio\" id=\"frm_radio_88-4\">\t\t\t<label  for=\"field_h4558-4\">\n\t\t\t\t\t<input type=\"radio\" name=\"item_meta[88]\" id=\"field_h4558-4\" value=\"Castelo Branco - 12\/10\/2019 \u00e0s 10h30\"\n\t\t   data-reqmsg=\"Forma\u00e7\u00e3o pretendida (escolha uma op\u00e7\u00e3o) cannot be blank.\" data-invmsg=\"Forma\u00e7\u00e3o pretendida (escolha uma op\u00e7\u00e3o) non \u00e8 valido\" aria-invalid=\"false\"  \/> Castelo Branco - 10\/12\/2019 alle 10:30<\/label><\/div>\n<\/div>\r\n    \r\n    \r\n<\/div>\n<div id=\"frm_field_79_container\" class=\"frm_form_field form-field  frm_required_field frm_left_container frm_first_half\">\r\n    <label for=\"field_oqx1b2\" class=\"frm_primary_label\">Autorizzi l&#039;uso dei tuoi dati personali nel contesto di questa formazione?\r\n        <span class=\"frm_required\">*<\/span>\r\n    <\/label>\r\n    \t\t<select name=\"item_meta[79]\" id=\"field_oqx1b2\"  placeholder=\"Escolha uma op\u00e7\u00e3o\" data-reqmsg=\"Este campo n\u00e3o pode estar vazio.\" aria-required=\"true\" data-invmsg=\"Autoriza a utiliza\u00e7\u00e3o dos seus dados pessoais no \u00e2mbito desta forma\u00e7\u00e3o? non \u00e8 valido\" class=\"auto_width\" aria-invalid=\"false\"  >\n\t\t<option  class=\"frm-select-placeholder\" value=\"\" data-placeholder=\"true\">Scegliere un&#039;opzione<\/option><option  value=\"Sim\">S\u00ec<\/option><option  value=\"N\u00e3o\">No<\/option>\t<\/select>\n\t\r\n    \r\n    \r\n<\/div>\n\t<input type=\"hidden\" name=\"item_key\" value=\"\" \/>\n\t<div class=\"frm_submit\">\r\n\r\n<input type=\"submit\" value=\"Per presentare\"  \/>\r\n<img data-recalc-dims=\"1\" decoding=\"async\" class=\"frm_ajax_loading\" src=\"https:\/\/i0.wp.com\/www.kyrioschms.com\/wp-content\/plugins\/formidable\/images\/ajax_loader.gif?w=800&#038;ssl=1\" alt=\"Invio\"\/>\r\n\r\n<\/div><\/div>\n<\/fieldset>\n<\/div>\n\n<input type=\"hidden\" name=\"trp-form-language\" value=\"it\"\/><\/form>\n<\/div>\n\n<p><strong>Poich\u00e9 la capacit\u00e0 della sala \u00e8 limitata, se abbiamo registrazioni superiori alla loro capacit\u00e0, potremmo dover cambiare posizione o dividere la formazione, quindi chiediamo i tuoi dati di contatto.<\/strong><\/p>\n<p>&nbsp;<\/p>\n<span style='display:inline;'><input type='hidden' bg_collapse_expand='69f26b616c8c54091006510' value='69f26b616c8c54091006510'><input type='hidden' id='bg-show-more-text-69f26b616c8c54091006510' value='Consultar a pol\u00edtica de privacidade da PeakIT \/ Kyrios. Clique aqui.'><input type='hidden' id='bg-show-less-text-69f26b616c8c54091006510' value='ocultar'><a id='bg-showmore-action-69f26b616c8c54091006510' class='bg-showmore-plg-link'  style=\" color:#4a4949;\" href='#'>Consulta l&#039;informativa sulla privacy di PeakIT \/ Kyrios. Clicca qui.<\/a><span id='bg-showmore-hidden-69f26b616c8c54091006510' ><\/p>\n<p>PeakIT, Lda, persona giuridica n\u00ba 507470370, con sede in Rua Aquilino Sim\u00f5es Machado, 2, 2nd back, 4715-595 Braga, di seguito PeakIT, procede alla raccolta e al trattamento dei dati personali dei suoi Clienti, quali:<\/p>\n<ul>\n<li>Nome<\/li>\n<li>indirizzo<\/li>\n<li>Numero di identificazione fiscale<\/li>\n<li>Posizione geografica<\/li>\n<li>Numeri di telefono fissi e mobili<\/li>\n<li>Indirizzo e-mail (e-mail)<\/li>\n<li>Il trattamento dei dati personali dei clienti PeakIT \u00e8 responsabilit\u00e0 di PeakIT, consistente in un&#039;operazione o un insieme di operazioni effettuate su tali dati personali, con mezzi automatizzati o non automatizzati.<\/li>\n<\/ul>\n<p>Ai sensi del Regolamento (UE) 2016\/679 del Parlamento Europeo e del Consiglio del 27 aprile 2016, ogni cliente PeakIT ha diritto di:<\/p>\n<ul>\n<li>revocare o modificare in qualsiasi momento il consenso prestato a PeakIT per il trattamento dei dati personali, con effetto per il futuro<\/li>\n<li>previa revoca del consenso prestato a PeakIT, cessare di essere contattato per finalit\u00e0 di comunicazioni promozionali, di marketing e \/ o pubblicitarie<\/li>\n<li>richiedere informazioni sui propri dati personali in qualsiasi momento<\/li>\n<li>richiedere la correzione di uno qualsiasi dei dati personali forniti<\/li>\n<li>richiederne la portabilit\u00e0, per l&#039;ente che, a tal fine, indica<\/li>\n<li>richiedere la limitazione del trattamento, la cancellazione o il mascheramento dei propri dati personali, e che non siano necessari per l&#039;adempimento di eventuali obblighi di legge di PeakIT, ovvero per finalit\u00e0 di sicurezza e \/ o garanzia legale o contrattuale<\/li>\n<li>essere informato da PeakIT, qualora intenda eventualmente trattare i tuoi dati personali per finalit\u00e0 diverse da quelle che, entro tale data, concedono il tuo consenso<\/li>\n<\/ul>\n<p>Per qualsiasi informazione, nonch\u00e9 per l&#039;esercizio dei diritti ad essi legalmente conferiti, i Clienti devono contattare PeakIT, tramite e-mail con l&#039;indirizzo rgpd@peakit.pt.<\/p>\n<p>La comunicazione dei dati personali non costituisce alcun obbligo legale, tuttavia \u00e8 necessaria per la corretta esecuzione dei contratti di compravendita stipulati tra PeakIT ed i suoi clienti, essendo certo che il mancato consenso al trattamento di tali dati non impedisca la conclusione degli stessi stessi contratti.<\/p>\n<p>Da quanto precede risulta che i dati personali dei clienti di PeakIT possono essere soggetti a trattamento automatizzato al fine di adattare comunicazioni promozionali, di marketing e \/ o pubblicitarie a tali dati.<\/p>\n<p>I dati personali possono essere condivisi da PeakIT con i produttori dei marchi rappresentati, direttamente o indirettamente tramite fornitori di servizi da loro incaricati, in particolare sotto forma di rapporti di vendita. Queste entit\u00e0 possono trovarsi nello Spazio economico europeo o al di fuori dello Spazio economico europeo, ma sono obbligate a rispettare il Regolamento europeo sulla protezione dei dati personali, ovvero il Regolamento (UE) 2016\/679 del Parlamento europeo e del Consiglio, del 27 aprile 2016.<\/p>\n<p>PeakIT conserver\u00e0 i dati personali dei propri clienti per il periodo necessario allo svolgimento dei contatti e delle transazioni commerciali, alla rispettiva fatturazione e al rispetto degli obblighi di legge.<\/p>\n<p>Il titolare del trattamento dei dati personali \u00e8 altres\u00ec pienamente e chiaramente informato che pu\u00f2 proporre reclamo, in merito alla violazione dei suoi diritti, alla Commissione Nazionale per la Protezione dei Dati Personali.<\/p>\n<p><\/span><\/span>","protected":false},"excerpt":{"rendered":"<p>Formazione Introduzione a Kyrios ChMS \u2013 una panoramica Quando: 14 giugno, dalle 14:30 alle 17:00. Dove: PeakIT \u2013 Centro Affari Ideia-Atl\u00e2ntico, cx. 120, 4719-005 Braga Posti limitati In questa formazione tratteremo in modo molto pratico e semplice: Come configurare correttamente Kyrios per il mio archivio parrocchiale file individuali Famiglie Sacramentos [\u2026]<\/p>","protected":false},"author":1,"featured_media":0,"parent":0,"menu_order":0,"comment_status":"closed","ping_status":"closed","template":"","meta":{"inline_featured_image":false,"jetpack_post_was_ever_published":false,"footnotes":""},"class_list":["post-861","page","type-page","status-publish","hentry"],"yoast_head":"<!-- This site is optimized with the Yoast SEO plugin v24.8.1 - https:\/\/yoast.com\/wordpress\/plugins\/seo\/ -->\n<title>Forma\u00e7\u00e3o Introdu\u00e7\u00e3o ao Kyrios ChMS - uma vis\u00e3o geral &#8226; Kyrios ChMS - Software de Gest\u00e3o Cloud para a Igreja<\/title>\n<meta name=\"robots\" content=\"index, follow, max-snippet:-1, max-image-preview:large, max-video-preview:-1\" \/>\n<link rel=\"canonical\" href=\"https:\/\/www.kyrioschms.com\/it\/formazione-introduzione-a-kyrios-chms-an-panoramica\/\" \/>\n<meta property=\"og:locale\" content=\"it_IT\" \/>\n<meta property=\"og:type\" content=\"article\" \/>\n<meta property=\"og:title\" content=\"Forma\u00e7\u00e3o Introdu\u00e7\u00e3o ao Kyrios ChMS - uma vis\u00e3o geral &#8226; Kyrios ChMS - Software de Gest\u00e3o Cloud para a Igreja\" \/>\n<meta property=\"og:description\" content=\"Forma\u00e7\u00e3o Introdu\u00e7\u00e3o ao Kyrios ChMS &#8211; uma vis\u00e3o geral Quando: 14 de Junho, das 14h30 \u00e0s 17h00. Onde: PeakIT &#8211; Centro de Neg\u00f3cios Ideia-Atl\u00e2ntico, cx. 120, 4719-005 Braga Vagas limitadas\u00a0 Nesta forma\u00e7\u00e3o iremos abordar de uma forma muito pr\u00e1tica e simples: Como configurar corretamente o Kyrios para a minha Par\u00f3quia Arquivo fichas individuais fam\u00edlias Sacramentos [&hellip;]\" \/>\n<meta property=\"og:url\" content=\"https:\/\/www.kyrioschms.com\/it\/formazione-introduzione-a-kyrios-chms-an-panoramica\/\" \/>\n<meta property=\"og:site_name\" content=\"Kyrios ChMS - Software de Gest\u00e3o Cloud para a Igreja\" \/>\n<meta property=\"article:publisher\" content=\"https:\/\/www.facebook.com\/kyrioschms\/\" \/>\n<meta property=\"article:modified_time\" content=\"2021-01-11T10:23:30+00:00\" \/>\n<meta name=\"twitter:card\" content=\"summary_large_image\" \/>\n<meta name=\"twitter:label1\" content=\"Tempo di lettura stimato\" \/>\n\t<meta name=\"twitter:data1\" content=\"3 minuti\" \/>\n<script type=\"application\/ld+json\" class=\"yoast-schema-graph\">{\"@context\":\"https:\/\/schema.org\",\"@graph\":[{\"@type\":\"WebPage\",\"@id\":\"https:\/\/www.kyrioschms.com\/pt\/formacao-introducao-ao-kyrios-chms-uma-visao-geral\/\",\"url\":\"https:\/\/www.kyrioschms.com\/pt\/formacao-introducao-ao-kyrios-chms-uma-visao-geral\/\",\"name\":\"Forma\u00e7\u00e3o Introdu\u00e7\u00e3o ao Kyrios ChMS - uma vis\u00e3o geral &#8226; Kyrios ChMS - Software de Gest\u00e3o Cloud para a Igreja\",\"isPartOf\":{\"@id\":\"https:\/\/www.kyrioschms.com\/#website\"},\"datePublished\":\"2018-06-04T10:37:19+00:00\",\"dateModified\":\"2021-01-11T10:23:30+00:00\",\"breadcrumb\":{\"@id\":\"https:\/\/www.kyrioschms.com\/pt\/formacao-introducao-ao-kyrios-chms-uma-visao-geral\/#breadcrumb\"},\"inLanguage\":\"it-IT\",\"potentialAction\":[{\"@type\":\"ReadAction\",\"target\":[\"https:\/\/www.kyrioschms.com\/pt\/formacao-introducao-ao-kyrios-chms-uma-visao-geral\/\"]}]},{\"@type\":\"BreadcrumbList\",\"@id\":\"https:\/\/www.kyrioschms.com\/pt\/formacao-introducao-ao-kyrios-chms-uma-visao-geral\/#breadcrumb\",\"itemListElement\":[{\"@type\":\"ListItem\",\"position\":1,\"name\":\"Home\",\"item\":\"https:\/\/www.kyrioschms.com\/en\/\"},{\"@type\":\"ListItem\",\"position\":2,\"name\":\"Forma\u00e7\u00e3o Introdu\u00e7\u00e3o ao Kyrios ChMS &#8211; uma vis\u00e3o geral\"}]},{\"@type\":\"WebSite\",\"@id\":\"https:\/\/www.kyrioschms.com\/#website\",\"url\":\"https:\/\/www.kyrioschms.com\/\",\"name\":\"Kyrios ChMS - Software de Gest\u00e3o Cloud para a Igreja\",\"description\":\"A solu\u00e7\u00e3o mais completa para a gest\u00e3o e comunica\u00e7\u00e3o da Igreja\",\"publisher\":{\"@id\":\"https:\/\/www.kyrioschms.com\/#organization\"},\"potentialAction\":[{\"@type\":\"SearchAction\",\"target\":{\"@type\":\"EntryPoint\",\"urlTemplate\":\"https:\/\/www.kyrioschms.com\/?s={search_term_string}\"},\"query-input\":{\"@type\":\"PropertyValueSpecification\",\"valueRequired\":true,\"valueName\":\"search_term_string\"}}],\"inLanguage\":\"it-IT\"},{\"@type\":\"Organization\",\"@id\":\"https:\/\/www.kyrioschms.com\/#organization\",\"name\":\"Kyrios ChMS\",\"url\":\"https:\/\/www.kyrioschms.com\/\",\"logo\":{\"@type\":\"ImageObject\",\"inLanguage\":\"it-IT\",\"@id\":\"https:\/\/www.kyrioschms.com\/#\/schema\/logo\/image\/\",\"url\":\"https:\/\/i1.wp.com\/www.kyrioschms.com\/wp-content\/uploads\/2018\/04\/kyrios_chms_logo_azulpkt_hd.png?fit=510%2C190&ssl=1\",\"contentUrl\":\"https:\/\/i1.wp.com\/www.kyrioschms.com\/wp-content\/uploads\/2018\/04\/kyrios_chms_logo_azulpkt_hd.png?fit=510%2C190&ssl=1\",\"width\":510,\"height\":190,\"caption\":\"Kyrios ChMS\"},\"image\":{\"@id\":\"https:\/\/www.kyrioschms.com\/#\/schema\/logo\/image\/\"},\"sameAs\":[\"https:\/\/www.facebook.com\/kyrioschms\/\",\"https:\/\/www.instagram.com\/kyrioschms\/\",\"https:\/\/www.linkedin.com\/showcase\/kyrios\/\",\"https:\/\/www.youtube.com\/channel\/UC1GRlmM_rtlhm1widYExwkg\"]}]}<\/script>\n<!-- \/ Yoast SEO plugin. -->","yoast_head_json":{"title":"Forma\u00e7\u00e3o Introdu\u00e7\u00e3o ao Kyrios ChMS - uma vis\u00e3o geral &#8226; Kyrios ChMS - Software de Gest\u00e3o Cloud para a Igreja","robots":{"index":"index","follow":"follow","max-snippet":"max-snippet:-1","max-image-preview":"max-image-preview:large","max-video-preview":"max-video-preview:-1"},"canonical":"https:\/\/www.kyrioschms.com\/it\/formazione-introduzione-a-kyrios-chms-an-panoramica\/","og_locale":"it_IT","og_type":"article","og_title":"Forma\u00e7\u00e3o Introdu\u00e7\u00e3o ao Kyrios ChMS - uma vis\u00e3o geral &#8226; Kyrios ChMS - Software de Gest\u00e3o Cloud para a Igreja","og_description":"Forma\u00e7\u00e3o Introdu\u00e7\u00e3o ao Kyrios ChMS &#8211; uma vis\u00e3o geral Quando: 14 de Junho, das 14h30 \u00e0s 17h00. Onde: PeakIT &#8211; Centro de Neg\u00f3cios Ideia-Atl\u00e2ntico, cx. 120, 4719-005 Braga Vagas limitadas\u00a0 Nesta forma\u00e7\u00e3o iremos abordar de uma forma muito pr\u00e1tica e simples: Como configurar corretamente o Kyrios para a minha Par\u00f3quia Arquivo fichas individuais fam\u00edlias Sacramentos [&hellip;]","og_url":"https:\/\/www.kyrioschms.com\/it\/formazione-introduzione-a-kyrios-chms-an-panoramica\/","og_site_name":"Kyrios ChMS - Software de Gest\u00e3o Cloud para a Igreja","article_publisher":"https:\/\/www.facebook.com\/kyrioschms\/","article_modified_time":"2021-01-11T10:23:30+00:00","twitter_card":"summary_large_image","twitter_misc":{"Tempo di lettura stimato":"3 minuti"},"schema":{"@context":"https:\/\/schema.org","@graph":[{"@type":"WebPage","@id":"https:\/\/www.kyrioschms.com\/pt\/formacao-introducao-ao-kyrios-chms-uma-visao-geral\/","url":"https:\/\/www.kyrioschms.com\/pt\/formacao-introducao-ao-kyrios-chms-uma-visao-geral\/","name":"Forma\u00e7\u00e3o Introdu\u00e7\u00e3o ao Kyrios ChMS - uma vis\u00e3o geral &#8226; Kyrios ChMS - Software de Gest\u00e3o Cloud para a Igreja","isPartOf":{"@id":"https:\/\/www.kyrioschms.com\/#website"},"datePublished":"2018-06-04T10:37:19+00:00","dateModified":"2021-01-11T10:23:30+00:00","breadcrumb":{"@id":"https:\/\/www.kyrioschms.com\/pt\/formacao-introducao-ao-kyrios-chms-uma-visao-geral\/#breadcrumb"},"inLanguage":"it-IT","potentialAction":[{"@type":"ReadAction","target":["https:\/\/www.kyrioschms.com\/pt\/formacao-introducao-ao-kyrios-chms-uma-visao-geral\/"]}]},{"@type":"BreadcrumbList","@id":"https:\/\/www.kyrioschms.com\/pt\/formacao-introducao-ao-kyrios-chms-uma-visao-geral\/#breadcrumb","itemListElement":[{"@type":"ListItem","position":1,"name":"Home","item":"https:\/\/www.kyrioschms.com\/en\/"},{"@type":"ListItem","position":2,"name":"Forma\u00e7\u00e3o Introdu\u00e7\u00e3o ao Kyrios ChMS &#8211; uma vis\u00e3o geral"}]},{"@type":"WebSite","@id":"https:\/\/www.kyrioschms.com\/#website","url":"https:\/\/www.kyrioschms.com\/","name":"Kyrios ChMS - Software de Gest\u00e3o Cloud para a Igreja","description":"A solu\u00e7\u00e3o mais completa para a gest\u00e3o e comunica\u00e7\u00e3o da Igreja","publisher":{"@id":"https:\/\/www.kyrioschms.com\/#organization"},"potentialAction":[{"@type":"SearchAction","target":{"@type":"EntryPoint","urlTemplate":"https:\/\/www.kyrioschms.com\/?s={search_term_string}"},"query-input":{"@type":"PropertyValueSpecification","valueRequired":true,"valueName":"search_term_string"}}],"inLanguage":"it-IT"},{"@type":"Organization","@id":"https:\/\/www.kyrioschms.com\/#organization","name":"Kyrios ChMS","url":"https:\/\/www.kyrioschms.com\/","logo":{"@type":"ImageObject","inLanguage":"it-IT","@id":"https:\/\/www.kyrioschms.com\/#\/schema\/logo\/image\/","url":"https:\/\/i1.wp.com\/www.kyrioschms.com\/wp-content\/uploads\/2018\/04\/kyrios_chms_logo_azulpkt_hd.png?fit=510%2C190&ssl=1","contentUrl":"https:\/\/i1.wp.com\/www.kyrioschms.com\/wp-content\/uploads\/2018\/04\/kyrios_chms_logo_azulpkt_hd.png?fit=510%2C190&ssl=1","width":510,"height":190,"caption":"Kyrios ChMS"},"image":{"@id":"https:\/\/www.kyrioschms.com\/#\/schema\/logo\/image\/"},"sameAs":["https:\/\/www.facebook.com\/kyrioschms\/","https:\/\/www.instagram.com\/kyrioschms\/","https:\/\/www.linkedin.com\/showcase\/kyrios\/","https:\/\/www.youtube.com\/channel\/UC1GRlmM_rtlhm1widYExwkg"]}]}},"jetpack_sharing_enabled":true,"jetpack_shortlink":"https:\/\/wp.me\/P9TNmE-dT","_links":{"self":[{"href":"https:\/\/www.kyrioschms.com\/it\/wp-json\/wp\/v2\/pages\/861","targetHints":{"allow":["GET"]}}],"collection":[{"href":"https:\/\/www.kyrioschms.com\/it\/wp-json\/wp\/v2\/pages"}],"about":[{"href":"https:\/\/www.kyrioschms.com\/it\/wp-json\/wp\/v2\/types\/page"}],"author":[{"embeddable":true,"href":"https:\/\/www.kyrioschms.com\/it\/wp-json\/wp\/v2\/users\/1"}],"replies":[{"embeddable":true,"href":"https:\/\/www.kyrioschms.com\/it\/wp-json\/wp\/v2\/comments?post=861"}],"version-history":[{"count":0,"href":"https:\/\/www.kyrioschms.com\/it\/wp-json\/wp\/v2\/pages\/861\/revisions"}],"wp:attachment":[{"href":"https:\/\/www.kyrioschms.com\/it\/wp-json\/wp\/v2\/media?parent=861"}],"curies":[{"name":"wp","href":"https:\/\/api.w.org\/{rel}","templated":true}]}}