{"id":861,"date":"2018-06-04T10:37:19","date_gmt":"2018-06-04T10:37:19","guid":{"rendered":"http:\/\/www.kyrioschms.com\/?page_id=861"},"modified":"2021-01-11T10:23:30","modified_gmt":"2021-01-11T10:23:30","slug":"formacao-introducao-ao-kyrios-chms-uma-visao-geral","status":"publish","type":"page","link":"https:\/\/www.kyrioschms.com\/es\/formacion-introduccion-a-kyrios-chms-an-overview\/","title":{"rendered":"Introducci\u00f3n a la formaci\u00f3n de Kyrios ChMS: descripci\u00f3n general"},"content":{"rendered":"<p><strong>Introducci\u00f3n a la formaci\u00f3n de Kyrios ChMS: descripci\u00f3n general<\/strong><\/p>\n<p><strong>Cu\u00e1ndo:<\/strong> 14 de junio, de 14:30 a 17:00 horas.<br \/>\n<strong>D\u00f3nde:<\/strong> PeakIT - Centro de Negocios Ideia-Atl\u00e2ntico, cx. 120, 4719-005 Braga<br \/>\n<strong>Plazas limitadas\u00a0<\/strong><\/p>\n<p>En esta formaci\u00f3n nos acercaremos de una forma muy pr\u00e1ctica y sencilla:<\/p>\n<ul>\n<li>C\u00f3mo configurar correctamente Kyrios para mi parroquia<\/li>\n<li>Archivo\n<ul>\n<li>registros individuales<\/li>\n<li>familias<\/li>\n<\/ul>\n<\/li>\n<li>Sacramentos<\/li>\n<li>Tesorer\u00eda<\/li>\n<li>Contabilidad<\/li>\n<li>P\u00e1gina de Internet<\/li>\n<\/ul>\n<p>&nbsp;<\/p>\n<p><strong>Realice su registro en el siguiente formulario:<\/strong><\/p>\n<div class=\"frm_forms  with_frm_style frm_style_formidable-style\" id=\"frm_form_14_container\" >\n<form enctype=\"multipart\/form-data\" method=\"post\" class=\"frm-show-form\" id=\"form_akx4d2\" action=\"\" >\n<div class=\"frm_form_fields\">\n<fieldset>\n<legend class=\"frm_hidden\">Capacitaci\u00f3n<\/legend>\r\n\r\n<div class=\"frm_fields_container\">\n<input type=\"hidden\" name=\"frm_action\" value=\"create\" \/>\n<input type=\"hidden\" name=\"form_id\" value=\"14\" \/>\n<input type=\"hidden\" name=\"frm_hide_fields_14\" id=\"frm_hide_fields_14\" value=\"\" \/>\n<input type=\"hidden\" name=\"form_key\" value=\"akx4d2\" \/>\n<input type=\"hidden\" name=\"item_meta[0]\" value=\"\" \/>\n<input type=\"hidden\" id=\"frm_submit_entry_14\" name=\"frm_submit_entry_14\" value=\"444cf5338c\" \/><input type=\"hidden\" name=\"_wp_http_referer\" value=\"\/es\/wp-json\/wp\/v2\/pages\/861\" \/><div id=\"frm_field_74_container\" class=\"frm_form_field  frm_html_container form-field\"><b>Tu informaci\u00f3n<\/b><\/div>\n<div id=\"frm_field_75_container\" class=\"frm_form_field form-field  frm_required_field frm_left_container frm_full\">\r\n    <label for=\"field_y6sb42\" class=\"frm_primary_label\">Nombre\r\n        <span class=\"frm_required\">*<\/span>\r\n    <\/label>\r\n    <input type=\"text\" id=\"field_y6sb42\" name=\"item_meta[75]\" value=\"\"  data-reqmsg=\"Este campo n\u00e3o pode estar vazio.\" aria-required=\"true\" data-invmsg=\"Text is invalid\" aria-invalid=\"false\"  \/>\r\n    \r\n    \r\n<\/div>\n<div id=\"frm_field_76_container\" class=\"frm_form_field form-field  frm_required_field frm_left_container frm_full\">\r\n    <label for=\"field_yjio62\" class=\"frm_primary_label\">Di\u00f3cesis\r\n        <span class=\"frm_required\">*<\/span>\r\n    <\/label>\r\n    <input type=\"text\" id=\"field_yjio62\" name=\"item_meta[76]\" value=\"\"  data-reqmsg=\"Diocese cannot be blank.\" aria-required=\"true\" data-invmsg=\"Text is invalid\" aria-invalid=\"false\"  \/>\r\n    \r\n    \r\n<\/div>\n<div id=\"frm_field_89_container\" class=\"frm_form_field form-field  frm_required_field frm_left_container frm_full\">\r\n    <label for=\"field_l08wz\" class=\"frm_primary_label\">Arciprestado\r\n        <span class=\"frm_required\">*<\/span>\r\n    <\/label>\r\n    <input type=\"text\" id=\"field_l08wz\" name=\"item_meta[89]\" value=\"\"  data-reqmsg=\"Arciprestado cannot be blank.\" aria-required=\"true\" data-invmsg=\"Text is invalid\" aria-invalid=\"false\"  \/>\r\n    \r\n    \r\n<\/div>\n<div id=\"frm_field_84_container\" class=\"frm_form_field form-field  frm_required_field frm_left_container frm_full\">\r\n    <label for=\"field_mhq7i\" class=\"frm_primary_label\">Parroquia \/ Instituci\u00f3n\r\n        <span class=\"frm_required\">*<\/span>\r\n    <\/label>\r\n    <input type=\"text\" id=\"field_mhq7i\" name=\"item_meta[84]\" value=\"\"  data-reqmsg=\"Este campo n\u00e3o pode estar vazio.\" aria-required=\"true\" data-invmsg=\"Text is invalid\" aria-invalid=\"false\"  \/>\r\n    \r\n    \r\n<\/div>\n<div id=\"frm_field_77_container\" class=\"frm_form_field form-field  frm_required_field frm_left_container frm_first_half\">\r\n    <label for=\"field_fgvpn2\" class=\"frm_primary_label\">Correo electr\u00f3nico\r\n        <span class=\"frm_required\">*<\/span>\r\n    <\/label>\r\n    <input type=\"email\" id=\"field_fgvpn2\" name=\"item_meta[77]\" value=\"\"  data-reqmsg=\"Este campo n\u00e3o pode estar vazio.\" aria-required=\"true\" data-invmsg=\"O endere\u00e7o de email \u00e9 inv\u00e1lido\" aria-invalid=\"false\"  \/>\r\n    \r\n    \r\n<\/div>\n<div id=\"frm_field_85_container\" class=\"frm_form_field form-field  frm_required_field frm_left_container frm_first_half\">\r\n    <label for=\"field_7bkhb\" class=\"frm_primary_label\">M\u00f3vil\r\n        <span class=\"frm_required\">*<\/span>\r\n    <\/label>\r\n    <input type=\"tel\" id=\"field_7bkhb\" name=\"item_meta[85]\" value=\"\"  data-reqmsg=\"Este campo n\u00e3o pode estar vazio.\" aria-required=\"true\" data-invmsg=\"O endere\u00e7o de telefone \u00e9 inv\u00e1lido\" aria-invalid=\"false\" pattern=\"((\\+\\d{1,3}(-|.| )?\\(?\\d\\)?(-| |.)?\\d{1,5})|(\\(?\\d{2,6}\\)?))(-|.| )?(\\d{3,4})(-|.| )?(\\d{4})(( x| ext)\\d{1,5}){0,1}$\"  \/>\r\n    \r\n    \r\n<\/div>\n<div id=\"frm_field_88_container\" class=\"frm_form_field form-field  frm_required_field frm_top_container vertical_radio\">\r\n    <label for=\"field_h4558\" class=\"frm_primary_label\">Entrenamiento deseado (elija una opci\u00f3n)\r\n        <span class=\"frm_required\">*<\/span>\r\n    <\/label>\r\n    <div class=\"frm_opt_container\">\t\t<div class=\"frm_radio\" id=\"frm_radio_88-4\">\t\t\t<label  for=\"field_h4558-4\">\n\t\t\t\t\t<input type=\"radio\" name=\"item_meta[88]\" id=\"field_h4558-4\" value=\"Castelo Branco - 12\/10\/2019 \u00e0s 10h30\"\n\t\t   data-reqmsg=\"Forma\u00e7\u00e3o pretendida (escolha uma op\u00e7\u00e3o) cannot be blank.\" data-invmsg=\"Forma\u00e7\u00e3o pretendida (escolha uma op\u00e7\u00e3o) no es v\u00e1lido\" aria-invalid=\"false\"  \/> Castelo Branco - 12\/10\/2019 a las 10:30 h<\/label><\/div>\n<\/div>\r\n    \r\n    \r\n<\/div>\n<div id=\"frm_field_79_container\" class=\"frm_form_field form-field  frm_required_field frm_left_container frm_first_half\">\r\n    <label for=\"field_oqx1b2\" class=\"frm_primary_label\">\u00bfAutoriza el uso de sus datos personales en el contexto de esta formaci\u00f3n?\r\n        <span class=\"frm_required\">*<\/span>\r\n    <\/label>\r\n    \t\t<select name=\"item_meta[79]\" id=\"field_oqx1b2\"  placeholder=\"Escolha uma op\u00e7\u00e3o\" data-reqmsg=\"Este campo n\u00e3o pode estar vazio.\" aria-required=\"true\" data-invmsg=\"Autoriza a utiliza\u00e7\u00e3o dos seus dados pessoais no \u00e2mbito desta forma\u00e7\u00e3o? no es v\u00e1lido\" class=\"auto_width\" aria-invalid=\"false\"  >\n\t\t<option  class=\"frm-select-placeholder\" value=\"\" data-placeholder=\"true\">Elige una opcion<\/option><option  value=\"Sim\">S\u00ed<\/option><option  value=\"N\u00e3o\">No<\/option>\t<\/select>\n\t\r\n    \r\n    \r\n<\/div>\n\t<input type=\"hidden\" name=\"item_key\" value=\"\" \/>\n\t<div class=\"frm_submit\">\r\n\r\n<input type=\"submit\" value=\"Entregar\"  \/>\r\n<img data-recalc-dims=\"1\" decoding=\"async\" class=\"frm_ajax_loading\" src=\"https:\/\/i0.wp.com\/www.kyrioschms.com\/wp-content\/plugins\/formidable\/images\/ajax_loader.gif?w=800&#038;ssl=1\" alt=\"Enviando\"\/>\r\n\r\n<\/div><\/div>\n<\/fieldset>\n<\/div>\n\n<input type=\"hidden\" name=\"trp-form-language\" value=\"es\"\/><\/form>\n<\/div>\n\n<p><strong>Como la capacidad de la sala es limitada, si tenemos inscripciones superiores a su capacidad, es posible que tengamos que cambiar a una nueva ubicaci\u00f3n o dividir la capacitaci\u00f3n, por lo que le pedimos sus datos de contacto.<\/strong><\/p>\n<p>&nbsp;<\/p>\n<span style='display:inline;'><input type='hidden' bg_collapse_expand='69f27d9b456594066946266' value='69f27d9b456594066946266'><input type='hidden' id='bg-show-more-text-69f27d9b456594066946266' value='Consultar a pol\u00edtica de privacidade da PeakIT \/ Kyrios. Clique aqui.'><input type='hidden' id='bg-show-less-text-69f27d9b456594066946266' value='ocultar'><a id='bg-showmore-action-69f27d9b456594066946266' class='bg-showmore-plg-link'  style=\" color:#4a4949;\" href='#'>Consulte la pol\u00edtica de privacidad de PeakIT \/ Kyrios. Haga clic aqu\u00ed.<\/a><span id='bg-showmore-hidden-69f27d9b456594066946266' ><\/p>\n<p>PeakIT, Lda, persona jur\u00eddica n\u00ba 507470370, con domicilio social en Rua Aquilino Sim\u00f5es Machado, 2, 2a vuelta, 4715-595 Braga, en adelante PeakIT, procede a la recogida y tratamiento de los datos personales de sus Clientes, tales como:<\/p>\n<ul>\n<li>Nombre<\/li>\n<li>habla a<\/li>\n<li>N\u00famero de identificaci\u00f3n fiscal<\/li>\n<li>Localizaci\u00f3n geogr\u00e1fica<\/li>\n<li>N\u00fameros de tel\u00e9fono fijo y m\u00f3vil<\/li>\n<li>Direcci\u00f3n de correo electr\u00f3nico (correo electr\u00f3nico)<\/li>\n<li>El manejo de los datos personales de los Clientes de PeakIT es responsabilidad de PeakIT y consiste en una operaci\u00f3n o un conjunto de operaciones realizadas sobre esos datos personales, por medios automatizados o no automatizados.<\/li>\n<\/ul>\n<p>De acuerdo con el Reglamento (UE) 2016\/679 del Parlamento Europeo y del Consejo de 27 de abril de 2016, cualquier cliente de PeakIT tiene derecho a:<\/p>\n<ul>\n<li>en cualquier momento, retirar o cambiar el consentimiento otorgado a PeakIT para el procesamiento de sus datos personales, con efecto para el futuro<\/li>\n<li>despu\u00e9s de retirar el consentimiento otorgado a PeakIT, dejar de ser contactado con el prop\u00f3sito de comunicaciones promocionales, de marketing y \/ o publicitarias<\/li>\n<li>solicitar informaci\u00f3n sobre sus datos personales en cualquier momento<\/li>\n<li>solicitar la correcci\u00f3n de cualquiera de sus datos personales proporcionados<\/li>\n<li>solicitar su portabilidad, para la entidad que, a tal efecto, indique<\/li>\n<li>solicitar la limitaci\u00f3n del tratamiento, supresi\u00f3n o enmascaramiento de sus datos personales, y que no sean necesarios para el cumplimiento de ninguna obligaci\u00f3n legal de PeakIT, es decir, a efectos de seguridad y \/ o garant\u00eda legal o contractual<\/li>\n<li>ser informado por PeakIT, si eventualmente tiene la intenci\u00f3n de procesar sus datos personales para fines distintos a los que, a esta fecha, otorgan su consentimiento<\/li>\n<\/ul>\n<p>Para cualquier informaci\u00f3n, as\u00ed como para el ejercicio de los derechos que legalmente les son conferidos, los Clientes deben ponerse en contacto con PeakIT, por correo electr\u00f3nico con la direcci\u00f3n rgpd@peakit.pt.<\/p>\n<p>La comunicaci\u00f3n de datos personales no constituye obligaci\u00f3n legal alguna, sin embargo es necesaria para la correcta ejecuci\u00f3n de los contratos de compraventa suscritos entre PeakIT y sus clientes, teniendo la certeza de que el no consentimiento para el tratamiento de dichos datos no impide la celebraci\u00f3n de estos. mismos contratos.<\/p>\n<p>De lo anterior se desprende que los datos personales de los clientes de PeakIT pueden estar sujetos a un procesamiento automatizado para adaptar las comunicaciones promocionales, de marketing y \/ o publicitarias a esos datos.<\/p>\n<p>PeakIT puede compartir los datos personales con los fabricantes de las marcas representadas, directa o indirectamente a trav\u00e9s de los proveedores de servicios que hayan contratado, es decir, en forma de informes de ventas. Estas entidades pueden estar ubicadas en el Espacio Econ\u00f3mico Europeo o fuera del Espacio Econ\u00f3mico Europeo, pero est\u00e1n obligadas a respetar el Reglamento Europeo de Protecci\u00f3n de Datos Personales, en concreto el Reglamento (UE) 2016\/679 del Parlamento Europeo y del Consejo, de 27 de abril. 2016.<\/p>\n<p>PeakIT conservar\u00e1 los datos personales de sus clientes durante el per\u00edodo necesario para realizar contactos y transacciones comerciales, respectiva facturaci\u00f3n y cumplimiento de obligaciones legales.<\/p>\n<p>Asimismo, se informa plena y claramente al titular de los datos personales que puede presentar cualquier denuncia, relativa a la vulneraci\u00f3n de sus derechos, ante la Comisi\u00f3n Nacional de Protecci\u00f3n de Datos.<\/p>\n<p><\/span><\/span>","protected":false},"excerpt":{"rendered":"<p>Capacitaci\u00f3n Introducci\u00f3n a Kyrios ChMS: descripci\u00f3n general Cu\u00e1ndo: 14 de junio, de 2:30 p. m. a 5:00 p. m. D\u00f3nde: PeakIT \u2013 Centro de Negocios Ideia-Atl\u00e2ntico, cx. 120, 4719-005 Braga Plazas limitadas En esta formaci\u00f3n cubriremos de forma muy pr\u00e1ctica y sencilla: C\u00f3mo configurar correctamente Kyrios para mi Archivo Parroquial archivos individuales familias de Sacramentos [\u2026]<\/p>","protected":false},"author":1,"featured_media":0,"parent":0,"menu_order":0,"comment_status":"closed","ping_status":"closed","template":"","meta":{"inline_featured_image":false,"jetpack_post_was_ever_published":false,"footnotes":""},"class_list":["post-861","page","type-page","status-publish","hentry"],"yoast_head":"<!-- This site is optimized with the Yoast SEO plugin v24.8.1 - https:\/\/yoast.com\/wordpress\/plugins\/seo\/ -->\n<title>Forma\u00e7\u00e3o Introdu\u00e7\u00e3o ao Kyrios ChMS - uma vis\u00e3o geral &#8226; Kyrios ChMS - Software de Gest\u00e3o Cloud para a Igreja<\/title>\n<meta name=\"robots\" content=\"index, follow, max-snippet:-1, max-image-preview:large, max-video-preview:-1\" \/>\n<link rel=\"canonical\" href=\"https:\/\/www.kyrioschms.com\/es\/formacion-introduccion-a-kyrios-chms-an-overview\/\" \/>\n<meta property=\"og:locale\" content=\"es_ES\" \/>\n<meta property=\"og:type\" content=\"article\" \/>\n<meta property=\"og:title\" content=\"Forma\u00e7\u00e3o Introdu\u00e7\u00e3o ao Kyrios ChMS - uma vis\u00e3o geral &#8226; Kyrios ChMS - Software de Gest\u00e3o Cloud para a Igreja\" \/>\n<meta property=\"og:description\" content=\"Forma\u00e7\u00e3o Introdu\u00e7\u00e3o ao Kyrios ChMS &#8211; uma vis\u00e3o geral Quando: 14 de Junho, das 14h30 \u00e0s 17h00. Onde: PeakIT &#8211; Centro de Neg\u00f3cios Ideia-Atl\u00e2ntico, cx. 120, 4719-005 Braga Vagas limitadas\u00a0 Nesta forma\u00e7\u00e3o iremos abordar de uma forma muito pr\u00e1tica e simples: Como configurar corretamente o Kyrios para a minha Par\u00f3quia Arquivo fichas individuais fam\u00edlias Sacramentos [&hellip;]\" \/>\n<meta property=\"og:url\" content=\"https:\/\/www.kyrioschms.com\/es\/formacion-introduccion-a-kyrios-chms-an-overview\/\" \/>\n<meta property=\"og:site_name\" content=\"Kyrios ChMS - Software de Gest\u00e3o Cloud para a Igreja\" \/>\n<meta property=\"article:publisher\" content=\"https:\/\/www.facebook.com\/kyrioschms\/\" \/>\n<meta property=\"article:modified_time\" content=\"2021-01-11T10:23:30+00:00\" \/>\n<meta name=\"twitter:card\" content=\"summary_large_image\" \/>\n<meta name=\"twitter:label1\" content=\"Tiempo de lectura\" \/>\n\t<meta name=\"twitter:data1\" content=\"3 minutos\" \/>\n<script type=\"application\/ld+json\" class=\"yoast-schema-graph\">{\"@context\":\"https:\/\/schema.org\",\"@graph\":[{\"@type\":\"WebPage\",\"@id\":\"https:\/\/www.kyrioschms.com\/pt\/formacao-introducao-ao-kyrios-chms-uma-visao-geral\/\",\"url\":\"https:\/\/www.kyrioschms.com\/pt\/formacao-introducao-ao-kyrios-chms-uma-visao-geral\/\",\"name\":\"Forma\u00e7\u00e3o Introdu\u00e7\u00e3o ao Kyrios ChMS - uma vis\u00e3o geral &#8226; Kyrios ChMS - Software de Gest\u00e3o Cloud para a Igreja\",\"isPartOf\":{\"@id\":\"https:\/\/www.kyrioschms.com\/#website\"},\"datePublished\":\"2018-06-04T10:37:19+00:00\",\"dateModified\":\"2021-01-11T10:23:30+00:00\",\"breadcrumb\":{\"@id\":\"https:\/\/www.kyrioschms.com\/pt\/formacao-introducao-ao-kyrios-chms-uma-visao-geral\/#breadcrumb\"},\"inLanguage\":\"es\",\"potentialAction\":[{\"@type\":\"ReadAction\",\"target\":[\"https:\/\/www.kyrioschms.com\/pt\/formacao-introducao-ao-kyrios-chms-uma-visao-geral\/\"]}]},{\"@type\":\"BreadcrumbList\",\"@id\":\"https:\/\/www.kyrioschms.com\/pt\/formacao-introducao-ao-kyrios-chms-uma-visao-geral\/#breadcrumb\",\"itemListElement\":[{\"@type\":\"ListItem\",\"position\":1,\"name\":\"Home\",\"item\":\"https:\/\/www.kyrioschms.com\/en\/\"},{\"@type\":\"ListItem\",\"position\":2,\"name\":\"Forma\u00e7\u00e3o Introdu\u00e7\u00e3o ao Kyrios ChMS &#8211; uma vis\u00e3o geral\"}]},{\"@type\":\"WebSite\",\"@id\":\"https:\/\/www.kyrioschms.com\/#website\",\"url\":\"https:\/\/www.kyrioschms.com\/\",\"name\":\"Kyrios ChMS - Software de Gest\u00e3o Cloud para a Igreja\",\"description\":\"A solu\u00e7\u00e3o mais completa para a gest\u00e3o e comunica\u00e7\u00e3o da Igreja\",\"publisher\":{\"@id\":\"https:\/\/www.kyrioschms.com\/#organization\"},\"potentialAction\":[{\"@type\":\"SearchAction\",\"target\":{\"@type\":\"EntryPoint\",\"urlTemplate\":\"https:\/\/www.kyrioschms.com\/?s={search_term_string}\"},\"query-input\":{\"@type\":\"PropertyValueSpecification\",\"valueRequired\":true,\"valueName\":\"search_term_string\"}}],\"inLanguage\":\"es\"},{\"@type\":\"Organization\",\"@id\":\"https:\/\/www.kyrioschms.com\/#organization\",\"name\":\"Kyrios ChMS\",\"url\":\"https:\/\/www.kyrioschms.com\/\",\"logo\":{\"@type\":\"ImageObject\",\"inLanguage\":\"es\",\"@id\":\"https:\/\/www.kyrioschms.com\/#\/schema\/logo\/image\/\",\"url\":\"https:\/\/i1.wp.com\/www.kyrioschms.com\/wp-content\/uploads\/2018\/04\/kyrios_chms_logo_azulpkt_hd.png?fit=510%2C190&ssl=1\",\"contentUrl\":\"https:\/\/i1.wp.com\/www.kyrioschms.com\/wp-content\/uploads\/2018\/04\/kyrios_chms_logo_azulpkt_hd.png?fit=510%2C190&ssl=1\",\"width\":510,\"height\":190,\"caption\":\"Kyrios ChMS\"},\"image\":{\"@id\":\"https:\/\/www.kyrioschms.com\/#\/schema\/logo\/image\/\"},\"sameAs\":[\"https:\/\/www.facebook.com\/kyrioschms\/\",\"https:\/\/www.instagram.com\/kyrioschms\/\",\"https:\/\/www.linkedin.com\/showcase\/kyrios\/\",\"https:\/\/www.youtube.com\/channel\/UC1GRlmM_rtlhm1widYExwkg\"]}]}<\/script>\n<!-- \/ Yoast SEO plugin. -->","yoast_head_json":{"title":"Forma\u00e7\u00e3o Introdu\u00e7\u00e3o ao Kyrios ChMS - uma vis\u00e3o geral &#8226; Kyrios ChMS - Software de Gest\u00e3o Cloud para a Igreja","robots":{"index":"index","follow":"follow","max-snippet":"max-snippet:-1","max-image-preview":"max-image-preview:large","max-video-preview":"max-video-preview:-1"},"canonical":"https:\/\/www.kyrioschms.com\/es\/formacion-introduccion-a-kyrios-chms-an-overview\/","og_locale":"es_ES","og_type":"article","og_title":"Forma\u00e7\u00e3o Introdu\u00e7\u00e3o ao Kyrios ChMS - uma vis\u00e3o geral &#8226; Kyrios ChMS - Software de Gest\u00e3o Cloud para a Igreja","og_description":"Forma\u00e7\u00e3o Introdu\u00e7\u00e3o ao Kyrios ChMS &#8211; uma vis\u00e3o geral Quando: 14 de Junho, das 14h30 \u00e0s 17h00. Onde: PeakIT &#8211; Centro de Neg\u00f3cios Ideia-Atl\u00e2ntico, cx. 120, 4719-005 Braga Vagas limitadas\u00a0 Nesta forma\u00e7\u00e3o iremos abordar de uma forma muito pr\u00e1tica e simples: Como configurar corretamente o Kyrios para a minha Par\u00f3quia Arquivo fichas individuais fam\u00edlias Sacramentos [&hellip;]","og_url":"https:\/\/www.kyrioschms.com\/es\/formacion-introduccion-a-kyrios-chms-an-overview\/","og_site_name":"Kyrios ChMS - Software de Gest\u00e3o Cloud para a Igreja","article_publisher":"https:\/\/www.facebook.com\/kyrioschms\/","article_modified_time":"2021-01-11T10:23:30+00:00","twitter_card":"summary_large_image","twitter_misc":{"Tiempo de lectura":"3 minutos"},"schema":{"@context":"https:\/\/schema.org","@graph":[{"@type":"WebPage","@id":"https:\/\/www.kyrioschms.com\/pt\/formacao-introducao-ao-kyrios-chms-uma-visao-geral\/","url":"https:\/\/www.kyrioschms.com\/pt\/formacao-introducao-ao-kyrios-chms-uma-visao-geral\/","name":"Forma\u00e7\u00e3o Introdu\u00e7\u00e3o ao Kyrios ChMS - uma vis\u00e3o geral &#8226; Kyrios ChMS - Software de Gest\u00e3o Cloud para a Igreja","isPartOf":{"@id":"https:\/\/www.kyrioschms.com\/#website"},"datePublished":"2018-06-04T10:37:19+00:00","dateModified":"2021-01-11T10:23:30+00:00","breadcrumb":{"@id":"https:\/\/www.kyrioschms.com\/pt\/formacao-introducao-ao-kyrios-chms-uma-visao-geral\/#breadcrumb"},"inLanguage":"es","potentialAction":[{"@type":"ReadAction","target":["https:\/\/www.kyrioschms.com\/pt\/formacao-introducao-ao-kyrios-chms-uma-visao-geral\/"]}]},{"@type":"BreadcrumbList","@id":"https:\/\/www.kyrioschms.com\/pt\/formacao-introducao-ao-kyrios-chms-uma-visao-geral\/#breadcrumb","itemListElement":[{"@type":"ListItem","position":1,"name":"Home","item":"https:\/\/www.kyrioschms.com\/en\/"},{"@type":"ListItem","position":2,"name":"Forma\u00e7\u00e3o Introdu\u00e7\u00e3o ao Kyrios ChMS &#8211; uma vis\u00e3o geral"}]},{"@type":"WebSite","@id":"https:\/\/www.kyrioschms.com\/#website","url":"https:\/\/www.kyrioschms.com\/","name":"Kyrios ChMS - Software de Gest\u00e3o Cloud para a Igreja","description":"A solu\u00e7\u00e3o mais completa para a gest\u00e3o e comunica\u00e7\u00e3o da Igreja","publisher":{"@id":"https:\/\/www.kyrioschms.com\/#organization"},"potentialAction":[{"@type":"SearchAction","target":{"@type":"EntryPoint","urlTemplate":"https:\/\/www.kyrioschms.com\/?s={search_term_string}"},"query-input":{"@type":"PropertyValueSpecification","valueRequired":true,"valueName":"search_term_string"}}],"inLanguage":"es"},{"@type":"Organization","@id":"https:\/\/www.kyrioschms.com\/#organization","name":"Kyrios ChMS","url":"https:\/\/www.kyrioschms.com\/","logo":{"@type":"ImageObject","inLanguage":"es","@id":"https:\/\/www.kyrioschms.com\/#\/schema\/logo\/image\/","url":"https:\/\/i1.wp.com\/www.kyrioschms.com\/wp-content\/uploads\/2018\/04\/kyrios_chms_logo_azulpkt_hd.png?fit=510%2C190&ssl=1","contentUrl":"https:\/\/i1.wp.com\/www.kyrioschms.com\/wp-content\/uploads\/2018\/04\/kyrios_chms_logo_azulpkt_hd.png?fit=510%2C190&ssl=1","width":510,"height":190,"caption":"Kyrios ChMS"},"image":{"@id":"https:\/\/www.kyrioschms.com\/#\/schema\/logo\/image\/"},"sameAs":["https:\/\/www.facebook.com\/kyrioschms\/","https:\/\/www.instagram.com\/kyrioschms\/","https:\/\/www.linkedin.com\/showcase\/kyrios\/","https:\/\/www.youtube.com\/channel\/UC1GRlmM_rtlhm1widYExwkg"]}]}},"jetpack_sharing_enabled":true,"jetpack_shortlink":"https:\/\/wp.me\/P9TNmE-dT","_links":{"self":[{"href":"https:\/\/www.kyrioschms.com\/es\/wp-json\/wp\/v2\/pages\/861","targetHints":{"allow":["GET"]}}],"collection":[{"href":"https:\/\/www.kyrioschms.com\/es\/wp-json\/wp\/v2\/pages"}],"about":[{"href":"https:\/\/www.kyrioschms.com\/es\/wp-json\/wp\/v2\/types\/page"}],"author":[{"embeddable":true,"href":"https:\/\/www.kyrioschms.com\/es\/wp-json\/wp\/v2\/users\/1"}],"replies":[{"embeddable":true,"href":"https:\/\/www.kyrioschms.com\/es\/wp-json\/wp\/v2\/comments?post=861"}],"version-history":[{"count":0,"href":"https:\/\/www.kyrioschms.com\/es\/wp-json\/wp\/v2\/pages\/861\/revisions"}],"wp:attachment":[{"href":"https:\/\/www.kyrioschms.com\/es\/wp-json\/wp\/v2\/media?parent=861"}],"curies":[{"name":"wp","href":"https:\/\/api.w.org\/{rel}","templated":true}]}}