{"id":861,"date":"2018-06-04T10:37:19","date_gmt":"2018-06-04T10:37:19","guid":{"rendered":"http:\/\/www.kyrioschms.com\/?page_id=861"},"modified":"2021-01-11T10:23:30","modified_gmt":"2021-01-11T10:23:30","slug":"formacao-introducao-ao-kyrios-chms-uma-visao-geral","status":"publish","type":"page","link":"http:\/\/www.kyrioschms.com\/pt\/formacao-introducao-ao-kyrios-chms-uma-visao-geral\/","title":{"rendered":"Forma\u00e7\u00e3o Introdu\u00e7\u00e3o ao Kyrios ChMS &#8211; uma vis\u00e3o geral"},"content":{"rendered":"<p><strong>Forma\u00e7\u00e3o Introdu\u00e7\u00e3o ao Kyrios ChMS &#8211; uma vis\u00e3o geral<\/strong><\/p>\n<p><strong>Quando:<\/strong> 14 de Junho, das 14h30 \u00e0s 17h00.<br \/>\n<strong>Onde:<\/strong> PeakIT &#8211; Centro de Neg\u00f3cios Ideia-Atl\u00e2ntico, cx. 120, 4719-005 Braga<br \/>\n<strong>Vagas limitadas\u00a0<\/strong><\/p>\n<p>Nesta forma\u00e7\u00e3o iremos abordar de uma forma muito pr\u00e1tica e simples:<\/p>\n<ul>\n<li>Como configurar corretamente o Kyrios para a minha Par\u00f3quia<\/li>\n<li>Arquivo\n<ul>\n<li>fichas individuais<\/li>\n<li>fam\u00edlias<\/li>\n<\/ul>\n<\/li>\n<li>Sacramentos<\/li>\n<li>Tesouraria<\/li>\n<li>Contabilidade<\/li>\n<li>P\u00e1gina Internet<\/li>\n<\/ul>\n<p>&nbsp;<\/p>\n<p><strong>Realize a sua inscri\u00e7\u00e3o no formul\u00e1rio abaixo:<\/strong><\/p>\n<div class=\"frm_forms  with_frm_style frm_style_formidable-style\" id=\"frm_form_14_container\" >\n<form enctype=\"multipart\/form-data\" method=\"post\" class=\"frm-show-form \" id=\"form_akx4d2\" >\n<div class=\"frm_form_fields \">\n<fieldset>\n<legend class=\"frm_hidden\">Forma\u00e7\u00e3o<\/legend>\r\n\r\n<div class=\"frm_fields_container\">\n<input type=\"hidden\" name=\"frm_action\" value=\"create\" \/>\n<input type=\"hidden\" name=\"form_id\" value=\"14\" \/>\n<input type=\"hidden\" name=\"frm_hide_fields_14\" id=\"frm_hide_fields_14\" value=\"\" \/>\n<input type=\"hidden\" name=\"form_key\" value=\"akx4d2\" \/>\n<input type=\"hidden\" name=\"item_meta[0]\" value=\"\" \/>\n<input type=\"hidden\" id=\"frm_submit_entry_14\" name=\"frm_submit_entry_14\" value=\"a5986ae43e\" \/><input type=\"hidden\" name=\"_wp_http_referer\" value=\"\/pt\/wp-json\/wp\/v2\/pages\/861\" \/><div id=\"frm_field_74_container\" class=\"frm_form_field  frm_html_container form-field\"><b>Os seus dados<\/b><\/div>\n<div id=\"frm_field_75_container\" class=\"frm_form_field form-field  frm_required_field frm_left_container frm_full\">\r\n    <label for=\"field_y6sb42\" class=\"frm_primary_label\">Nome\r\n        <span class=\"frm_required\">*<\/span>\r\n    <\/label>\r\n    <input type=\"text\" id=\"field_y6sb42\" name=\"item_meta[75]\" value=\"\"  data-reqmsg=\"Este campo n\u00e3o pode estar vazio.\" aria-required=\"true\" data-invmsg=\"Text is invalid\" aria-invalid=\"false\"  \/>\r\n    \r\n    \r\n<\/div>\n<div id=\"frm_field_76_container\" class=\"frm_form_field form-field  frm_required_field frm_left_container frm_full\">\r\n    <label for=\"field_yjio62\" class=\"frm_primary_label\">Diocese\r\n        <span class=\"frm_required\">*<\/span>\r\n    <\/label>\r\n    <input type=\"text\" id=\"field_yjio62\" name=\"item_meta[76]\" value=\"\"  data-reqmsg=\"Diocese cannot be blank.\" aria-required=\"true\" data-invmsg=\"Text is invalid\" aria-invalid=\"false\"  \/>\r\n    \r\n    \r\n<\/div>\n<div id=\"frm_field_89_container\" class=\"frm_form_field form-field  frm_required_field frm_left_container frm_full\">\r\n    <label for=\"field_l08wz\" class=\"frm_primary_label\">Arciprestado\r\n        <span class=\"frm_required\">*<\/span>\r\n    <\/label>\r\n    <input type=\"text\" id=\"field_l08wz\" name=\"item_meta[89]\" value=\"\"  data-reqmsg=\"Arciprestado cannot be blank.\" aria-required=\"true\" data-invmsg=\"Text is invalid\" aria-invalid=\"false\"  \/>\r\n    \r\n    \r\n<\/div>\n<div id=\"frm_field_84_container\" class=\"frm_form_field form-field  frm_required_field frm_left_container frm_full\">\r\n    <label for=\"field_mhq7i\" class=\"frm_primary_label\">Par\u00f3quia \/ Institui\u00e7\u00e3o\r\n        <span class=\"frm_required\">*<\/span>\r\n    <\/label>\r\n    <input type=\"text\" id=\"field_mhq7i\" name=\"item_meta[84]\" value=\"\"  data-reqmsg=\"Este campo n\u00e3o pode estar vazio.\" aria-required=\"true\" data-invmsg=\"Text is invalid\" aria-invalid=\"false\"  \/>\r\n    \r\n    \r\n<\/div>\n<div id=\"frm_field_77_container\" class=\"frm_form_field form-field  frm_required_field frm_left_container frm_first_half\">\r\n    <label for=\"field_fgvpn2\" class=\"frm_primary_label\">Email\r\n        <span class=\"frm_required\">*<\/span>\r\n    <\/label>\r\n    <input type=\"email\" id=\"field_fgvpn2\" name=\"item_meta[77]\" value=\"\"  data-reqmsg=\"Este campo n\u00e3o pode estar vazio.\" aria-required=\"true\" data-invmsg=\"O endere\u00e7o de email \u00e9 inv\u00e1lido\" aria-invalid=\"false\"  \/>\r\n    \r\n    \r\n<\/div>\n<div id=\"frm_field_85_container\" class=\"frm_form_field form-field  frm_required_field frm_left_container frm_first_half\">\r\n    <label for=\"field_7bkhb\" class=\"frm_primary_label\">Telefone \/ Telem\u00f3vel\r\n        <span class=\"frm_required\">*<\/span>\r\n    <\/label>\r\n    <input type=\"tel\" id=\"field_7bkhb\" name=\"item_meta[85]\" value=\"\"  data-reqmsg=\"Este campo n\u00e3o pode estar vazio.\" aria-required=\"true\" data-invmsg=\"O endere\u00e7o de telefone \u00e9 inv\u00e1lido\" aria-invalid=\"false\" pattern=\"((\\+\\d{1,3}(-|.| )?\\(?\\d\\)?(-| |.)?\\d{1,5})|(\\(?\\d{2,6}\\)?))(-|.| )?(\\d{3,4})(-|.| )?(\\d{4})(( x| ext)\\d{1,5}){0,1}$\"  \/>\r\n    \r\n    \r\n<\/div>\n<div id=\"frm_field_88_container\" class=\"frm_form_field form-field  frm_required_field frm_top_container vertical_radio\">\r\n    <label for=\"field_h4558\" class=\"frm_primary_label\">Forma\u00e7\u00e3o pretendida (escolha uma op\u00e7\u00e3o)\r\n        <span class=\"frm_required\">*<\/span>\r\n    <\/label>\r\n    <div class=\"frm_opt_container\">\t\t<div class=\"frm_radio\" id=\"frm_radio_88-4\">\t\t\t<label  for=\"field_h4558-4\">\n\t\t\t\t\t<input type=\"radio\" name=\"item_meta[88]\" id=\"field_h4558-4\" value=\"Castelo Branco - 12\/10\/2019 \u00e0s 10h30\"\n\t\t   data-reqmsg=\"Forma\u00e7\u00e3o pretendida (escolha uma op\u00e7\u00e3o) cannot be blank.\" data-invmsg=\"Forma\u00e7\u00e3o pretendida (escolha uma op\u00e7\u00e3o) is invalid\" aria-invalid=\"false\"  \/> Castelo Branco - 12\/10\/2019 \u00e0s 10h30<\/label><\/div>\n<\/div>\r\n    \r\n    \r\n<\/div>\n<div id=\"frm_field_79_container\" class=\"frm_form_field form-field  frm_required_field frm_left_container frm_first_half\">\r\n    <label for=\"field_oqx1b2\" class=\"frm_primary_label\">Autoriza a utiliza\u00e7\u00e3o dos seus dados pessoais no \u00e2mbito desta forma\u00e7\u00e3o?\r\n        <span class=\"frm_required\">*<\/span>\r\n    <\/label>\r\n    \t\t<select name=\"item_meta[79]\" id=\"field_oqx1b2\"  placeholder=\"Escolha uma op\u00e7\u00e3o\" data-reqmsg=\"Este campo n\u00e3o pode estar vazio.\" aria-required=\"true\" data-invmsg=\"Autoriza a utiliza\u00e7\u00e3o dos seus dados pessoais no \u00e2mbito desta forma\u00e7\u00e3o? is invalid\" class=\"auto_width\" aria-invalid=\"false\"  >\n\t\t<option  class=\"frm-select-placeholder\" value=\"\" data-placeholder=\"true\">Escolha uma op\u00e7\u00e3o<\/option><option  value=\"Sim\">Sim<\/option><option  value=\"N\u00e3o\">N\u00e3o<\/option>\t<\/select>\n\t\r\n    \r\n    \r\n<\/div>\n\t<input type=\"hidden\" name=\"item_key\" value=\"\" \/>\n\t<div class=\"frm_submit\">\r\n\r\n<input type=\"submit\" value=\"Submeter\"  \/>\r\n<img data-recalc-dims=\"1\" decoding=\"async\" class=\"frm_ajax_loading\" src=\"https:\/\/i0.wp.com\/www.kyrioschms.com\/wp-content\/plugins\/formidable\/images\/ajax_loader.gif?w=800\" alt=\"Sending\"\/>\r\n\r\n<\/div><\/div>\n<\/fieldset>\n<\/div>\n\n<\/form>\n<\/div>\n\n<p><strong>Como a capacidade da sala \u00e9 limitada, caso tenhamos inscri\u00e7\u00f5es superiores \u00e0 sua capacidade, poderemos ter que alterar para uma nova localiza\u00e7\u00e3o ou dividir a forma\u00e7\u00e3o, pelo que solicitamos os vossos dados de contacto.<\/strong><\/p>\n<p>&nbsp;<\/p>\n<span style='display:inline;'><input type='hidden' bg_collapse_expand='69f4840f6b7687039618487' value='69f4840f6b7687039618487'><input type='hidden' id='bg-show-more-text-69f4840f6b7687039618487' value='Consultar a pol\u00edtica de privacidade da PeakIT \/ Kyrios. Clique aqui.'><input type='hidden' id='bg-show-less-text-69f4840f6b7687039618487' value='ocultar'><a id='bg-showmore-action-69f4840f6b7687039618487' class='bg-showmore-plg-link  '  style=\" color:#4a4949;\" href='#'>Consultar a pol\u00edtica de privacidade da PeakIT \/ Kyrios. Clique aqui.<\/a><span id='bg-showmore-hidden-69f4840f6b7687039618487' ><\/p>\n<p>PeakIT, Lda, pessoa coletiva n\u00ba 507470370, com sede na Rua Aquilino Sim\u00f5es Machado, 2, 2\u00ba tr\u00e1s, 4715-595\u00a0Braga, doravante PeakIT, procede \u00e0 recolha e tratamento de dados pessoais dos seus Clientes, tais como:<\/p>\n<ul>\n<li>Nome<\/li>\n<li>Morada<\/li>\n<li>N\u00famero de identifica\u00e7\u00e3o fiscal<\/li>\n<li>Localiza\u00e7\u00e3o geogr\u00e1fica<\/li>\n<li>N\u00fameros de telefone, fixo e m\u00f3vel<\/li>\n<li>Endere\u00e7o de correio eletr\u00f3nico (e-mail)<\/li>\n<li>O tratamento dos dados pessoais dos Clientes da\u00a0PeakIT \u00e9 da responsabilidade desta, consistindo numa opera\u00e7\u00e3o ou num conjunto de opera\u00e7\u00f5es efetuadas sobre aqueles dados pessoais, por meios automatizados ou n\u00e3o automatizados.<\/li>\n<\/ul>\n<p>De acordo com o Regulamento (EU) 2016\/679 do Parlamento Europeu e do Conselho, de 27 de abril de 2016, qualquer cliente da\u00a0PeakIT\u00a0tem o direito de:<\/p>\n<ul>\n<li>a qualquer momento, retirar ou alterar o consentimento prestado \u00e0\u00a0PeakIT para o tratamento dos seus dados pessoais, com efeitos para o futuro<\/li>\n<li>ap\u00f3s a retirada do consentimento prestado \u00e0 PeakIT, deixar de ser contactado para efeito de comunica\u00e7\u00f5es promocionais, de marketing e\/ou publicit\u00e1rias<\/li>\n<li>solicitar informa\u00e7\u00e3o acerca dos seus dados pessoais, a qualquer momento<\/li>\n<li>solicitar a corre\u00e7\u00e3o de qualquer dos seus dados pessoais fornecidos<\/li>\n<li>solicitar a portabilidade dos mesmos, para a entidade que, para esse efeito indicar<\/li>\n<li>solicitar a limita\u00e7\u00e3o de tratamento, apagamento ou mascaramento dos seus dados pessoais, e que n\u00e3o sejam necess\u00e1rios para o cumprimento de quaisquer obriga\u00e7\u00f5es legais da PeakIT, nomeadamente para efeitos de seguran\u00e7a e\/ou garantia legal ou contratual<\/li>\n<li>ser informado pela PeakIT, caso esta, eventualmente, tiver a inten\u00e7\u00e3o de proceder ao tratamento dos seus dados pessoais para outros fins que n\u00e3o, os que, pelo presente concede o seu consentimento<\/li>\n<\/ul>\n<p>Para quaisquer informa\u00e7\u00f5es, assim como para o exerc\u00edcio dos direitos que lhes est\u00e3o legalmente conferidos, os Clientes devem contactar a PeakIT, atrav\u00e9s do e-mail com o endere\u00e7o rgpd@peakit.pt.<\/p>\n<p>A comunica\u00e7\u00e3o de dados pessoais n\u00e3o constitui qualquer obriga\u00e7\u00e3o legal, sendo contudo necess\u00e1ria para a boa execu\u00e7\u00e3o dos contratos de compra e venda celebrados entre a\u00a0PeakIT e os seus clientes, sendo certo que o n\u00e3o consentimento para o tratamento desses dados, n\u00e3o impede a celebra\u00e7\u00e3o desses mesmos contratos.<\/p>\n<p>Decorre do exposto que os dados pessoais dos clientes da\u00a0PeakIT podem ser alvo de tratamento automatizado de forma a adequar as comunica\u00e7\u00f5es promocionais, de marketing e\/ou publicit\u00e1rias a esses dados.<\/p>\n<p>Os dados pessoais podem ser partilhados pela\u00a0PeakIT com os fabricantes das marcas representadas, diretamente, ou indiretamente atrav\u00e9s de empresas prestadoras de servi\u00e7o que aqueles contrataram, nomeadamente sob a forma de relat\u00f3rios de venda. Essas entidades podem estar localizadas no Espa\u00e7o Econ\u00f3mico Europeu ou fora do Espa\u00e7o Econ\u00f3mico Europeu, mas estando obrigadas a respeitar a Regulamenta\u00e7\u00e3o Europeia sobre Prote\u00e7\u00e3o de Dados Pessoais, nomeadamente o Regulamento (EU) 2016\/679 do Parlamento Europeu e do Conselho, de 27 de abril de 2016.<\/p>\n<p>A\u00a0PeakIT conservar\u00e1 os dados pessoais dos seus clientes pelo per\u00edodo necess\u00e1rio \u00e0 realiza\u00e7\u00e3o dos contactos e transa\u00e7\u00f5es comerciais, respetiva fatura\u00e7\u00e3o e cumprimento das obriga\u00e7\u00f5es legais.<\/p>\n<p>O Titular dos dados pessoais \u00e9 tamb\u00e9m plena e claramente informado que poder\u00e1 apresentar qualquer reclama\u00e7\u00e3o, quanto \u00e0 viola\u00e7\u00e3o dos seus direitos, junto da Comiss\u00e3o Nacional de Prote\u00e7\u00e3o de Dados.<\/p>\n<p><\/span><\/span>\n","protected":false},"excerpt":{"rendered":"<p>Forma\u00e7\u00e3o Introdu\u00e7\u00e3o ao Kyrios ChMS &#8211; uma vis\u00e3o geral Quando: 14 de Junho, das 14h30 \u00e0s 17h00. Onde: PeakIT &#8211; Centro de Neg\u00f3cios Ideia-Atl\u00e2ntico, cx. 120, 4719-005 Braga Vagas limitadas\u00a0 Nesta forma\u00e7\u00e3o iremos abordar de uma forma muito pr\u00e1tica e simples: Como configurar corretamente o Kyrios para a minha Par\u00f3quia Arquivo fichas individuais fam\u00edlias Sacramentos [&hellip;]<\/p>\n","protected":false},"author":1,"featured_media":0,"parent":0,"menu_order":0,"comment_status":"closed","ping_status":"closed","template":"","meta":{"inline_featured_image":false,"jetpack_post_was_ever_published":false,"footnotes":""},"class_list":["post-861","page","type-page","status-publish","hentry"],"yoast_head":"<!-- This site is optimized with the Yoast SEO plugin v24.8.1 - https:\/\/yoast.com\/wordpress\/plugins\/seo\/ -->\n<title>Forma\u00e7\u00e3o Introdu\u00e7\u00e3o ao Kyrios ChMS - uma vis\u00e3o geral &#8226; Kyrios ChMS - Software de Gest\u00e3o Cloud para a Igreja<\/title>\n<meta name=\"robots\" content=\"index, follow, max-snippet:-1, max-image-preview:large, max-video-preview:-1\" \/>\n<link rel=\"canonical\" href=\"http:\/\/www.kyrioschms.com\/pt\/formacao-introducao-ao-kyrios-chms-uma-visao-geral\/\" \/>\n<meta property=\"og:locale\" content=\"pt_PT\" \/>\n<meta property=\"og:type\" content=\"article\" \/>\n<meta property=\"og:title\" content=\"Forma\u00e7\u00e3o Introdu\u00e7\u00e3o ao Kyrios ChMS - uma vis\u00e3o geral &#8226; Kyrios ChMS - Software de Gest\u00e3o Cloud para a Igreja\" \/>\n<meta property=\"og:description\" content=\"Forma\u00e7\u00e3o Introdu\u00e7\u00e3o ao Kyrios ChMS &#8211; uma vis\u00e3o geral Quando: 14 de Junho, das 14h30 \u00e0s 17h00. Onde: PeakIT &#8211; Centro de Neg\u00f3cios Ideia-Atl\u00e2ntico, cx. 120, 4719-005 Braga Vagas limitadas\u00a0 Nesta forma\u00e7\u00e3o iremos abordar de uma forma muito pr\u00e1tica e simples: Como configurar corretamente o Kyrios para a minha Par\u00f3quia Arquivo fichas individuais fam\u00edlias Sacramentos [&hellip;]\" \/>\n<meta property=\"og:url\" content=\"http:\/\/www.kyrioschms.com\/pt\/formacao-introducao-ao-kyrios-chms-uma-visao-geral\/\" \/>\n<meta property=\"og:site_name\" content=\"Kyrios ChMS - Software de Gest\u00e3o Cloud para a Igreja\" \/>\n<meta property=\"article:publisher\" content=\"https:\/\/www.facebook.com\/kyrioschms\/\" \/>\n<meta property=\"article:modified_time\" content=\"2021-01-11T10:23:30+00:00\" \/>\n<meta name=\"twitter:card\" content=\"summary_large_image\" \/>\n<meta name=\"twitter:label1\" content=\"Tempo estimado de leitura\" \/>\n\t<meta name=\"twitter:data1\" content=\"3 minutos\" \/>\n<script type=\"application\/ld+json\" class=\"yoast-schema-graph\">{\"@context\":\"https:\/\/schema.org\",\"@graph\":[{\"@type\":\"WebPage\",\"@id\":\"https:\/\/www.kyrioschms.com\/pt\/formacao-introducao-ao-kyrios-chms-uma-visao-geral\/\",\"url\":\"https:\/\/www.kyrioschms.com\/pt\/formacao-introducao-ao-kyrios-chms-uma-visao-geral\/\",\"name\":\"Forma\u00e7\u00e3o Introdu\u00e7\u00e3o ao Kyrios ChMS - uma vis\u00e3o geral &#8226; Kyrios ChMS - Software de Gest\u00e3o Cloud para a Igreja\",\"isPartOf\":{\"@id\":\"https:\/\/www.kyrioschms.com\/#website\"},\"datePublished\":\"2018-06-04T10:37:19+00:00\",\"dateModified\":\"2021-01-11T10:23:30+00:00\",\"breadcrumb\":{\"@id\":\"https:\/\/www.kyrioschms.com\/pt\/formacao-introducao-ao-kyrios-chms-uma-visao-geral\/#breadcrumb\"},\"inLanguage\":\"pt-PT\",\"potentialAction\":[{\"@type\":\"ReadAction\",\"target\":[\"https:\/\/www.kyrioschms.com\/pt\/formacao-introducao-ao-kyrios-chms-uma-visao-geral\/\"]}]},{\"@type\":\"BreadcrumbList\",\"@id\":\"https:\/\/www.kyrioschms.com\/pt\/formacao-introducao-ao-kyrios-chms-uma-visao-geral\/#breadcrumb\",\"itemListElement\":[{\"@type\":\"ListItem\",\"position\":1,\"name\":\"Home\",\"item\":\"https:\/\/www.kyrioschms.com\/en\/\"},{\"@type\":\"ListItem\",\"position\":2,\"name\":\"Forma\u00e7\u00e3o Introdu\u00e7\u00e3o ao Kyrios ChMS &#8211; uma vis\u00e3o geral\"}]},{\"@type\":\"WebSite\",\"@id\":\"https:\/\/www.kyrioschms.com\/#website\",\"url\":\"https:\/\/www.kyrioschms.com\/\",\"name\":\"Kyrios ChMS - Software de Gest\u00e3o Cloud para a Igreja\",\"description\":\"A solu\u00e7\u00e3o mais completa para a gest\u00e3o e comunica\u00e7\u00e3o da Igreja\",\"publisher\":{\"@id\":\"https:\/\/www.kyrioschms.com\/#organization\"},\"potentialAction\":[{\"@type\":\"SearchAction\",\"target\":{\"@type\":\"EntryPoint\",\"urlTemplate\":\"https:\/\/www.kyrioschms.com\/?s={search_term_string}\"},\"query-input\":{\"@type\":\"PropertyValueSpecification\",\"valueRequired\":true,\"valueName\":\"search_term_string\"}}],\"inLanguage\":\"pt-PT\"},{\"@type\":\"Organization\",\"@id\":\"https:\/\/www.kyrioschms.com\/#organization\",\"name\":\"Kyrios ChMS\",\"url\":\"https:\/\/www.kyrioschms.com\/\",\"logo\":{\"@type\":\"ImageObject\",\"inLanguage\":\"pt-PT\",\"@id\":\"https:\/\/www.kyrioschms.com\/#\/schema\/logo\/image\/\",\"url\":\"https:\/\/i1.wp.com\/www.kyrioschms.com\/wp-content\/uploads\/2018\/04\/kyrios_chms_logo_azulpkt_hd.png?fit=510%2C190&ssl=1\",\"contentUrl\":\"https:\/\/i1.wp.com\/www.kyrioschms.com\/wp-content\/uploads\/2018\/04\/kyrios_chms_logo_azulpkt_hd.png?fit=510%2C190&ssl=1\",\"width\":510,\"height\":190,\"caption\":\"Kyrios ChMS\"},\"image\":{\"@id\":\"https:\/\/www.kyrioschms.com\/#\/schema\/logo\/image\/\"},\"sameAs\":[\"https:\/\/www.facebook.com\/kyrioschms\/\",\"https:\/\/www.instagram.com\/kyrioschms\/\",\"https:\/\/www.linkedin.com\/showcase\/kyrios\/\",\"https:\/\/www.youtube.com\/channel\/UC1GRlmM_rtlhm1widYExwkg\"]}]}<\/script>\n<!-- \/ Yoast SEO plugin. -->","yoast_head_json":{"title":"Forma\u00e7\u00e3o Introdu\u00e7\u00e3o ao Kyrios ChMS - uma vis\u00e3o geral &#8226; Kyrios ChMS - Software de Gest\u00e3o Cloud para a Igreja","robots":{"index":"index","follow":"follow","max-snippet":"max-snippet:-1","max-image-preview":"max-image-preview:large","max-video-preview":"max-video-preview:-1"},"canonical":"http:\/\/www.kyrioschms.com\/pt\/formacao-introducao-ao-kyrios-chms-uma-visao-geral\/","og_locale":"pt_PT","og_type":"article","og_title":"Forma\u00e7\u00e3o Introdu\u00e7\u00e3o ao Kyrios ChMS - uma vis\u00e3o geral &#8226; Kyrios ChMS - Software de Gest\u00e3o Cloud para a Igreja","og_description":"Forma\u00e7\u00e3o Introdu\u00e7\u00e3o ao Kyrios ChMS &#8211; uma vis\u00e3o geral Quando: 14 de Junho, das 14h30 \u00e0s 17h00. Onde: PeakIT &#8211; Centro de Neg\u00f3cios Ideia-Atl\u00e2ntico, cx. 120, 4719-005 Braga Vagas limitadas\u00a0 Nesta forma\u00e7\u00e3o iremos abordar de uma forma muito pr\u00e1tica e simples: Como configurar corretamente o Kyrios para a minha Par\u00f3quia Arquivo fichas individuais fam\u00edlias Sacramentos [&hellip;]","og_url":"http:\/\/www.kyrioschms.com\/pt\/formacao-introducao-ao-kyrios-chms-uma-visao-geral\/","og_site_name":"Kyrios ChMS - Software de Gest\u00e3o Cloud para a Igreja","article_publisher":"https:\/\/www.facebook.com\/kyrioschms\/","article_modified_time":"2021-01-11T10:23:30+00:00","twitter_card":"summary_large_image","twitter_misc":{"Tempo estimado de leitura":"3 minutos"},"schema":{"@context":"https:\/\/schema.org","@graph":[{"@type":"WebPage","@id":"https:\/\/www.kyrioschms.com\/pt\/formacao-introducao-ao-kyrios-chms-uma-visao-geral\/","url":"https:\/\/www.kyrioschms.com\/pt\/formacao-introducao-ao-kyrios-chms-uma-visao-geral\/","name":"Forma\u00e7\u00e3o Introdu\u00e7\u00e3o ao Kyrios ChMS - uma vis\u00e3o geral &#8226; Kyrios ChMS - Software de Gest\u00e3o Cloud para a Igreja","isPartOf":{"@id":"https:\/\/www.kyrioschms.com\/#website"},"datePublished":"2018-06-04T10:37:19+00:00","dateModified":"2021-01-11T10:23:30+00:00","breadcrumb":{"@id":"https:\/\/www.kyrioschms.com\/pt\/formacao-introducao-ao-kyrios-chms-uma-visao-geral\/#breadcrumb"},"inLanguage":"pt-PT","potentialAction":[{"@type":"ReadAction","target":["https:\/\/www.kyrioschms.com\/pt\/formacao-introducao-ao-kyrios-chms-uma-visao-geral\/"]}]},{"@type":"BreadcrumbList","@id":"https:\/\/www.kyrioschms.com\/pt\/formacao-introducao-ao-kyrios-chms-uma-visao-geral\/#breadcrumb","itemListElement":[{"@type":"ListItem","position":1,"name":"Home","item":"https:\/\/www.kyrioschms.com\/en\/"},{"@type":"ListItem","position":2,"name":"Forma\u00e7\u00e3o Introdu\u00e7\u00e3o ao Kyrios ChMS &#8211; uma vis\u00e3o geral"}]},{"@type":"WebSite","@id":"https:\/\/www.kyrioschms.com\/#website","url":"https:\/\/www.kyrioschms.com\/","name":"Kyrios ChMS - Software de Gest\u00e3o Cloud para a Igreja","description":"A solu\u00e7\u00e3o mais completa para a gest\u00e3o e comunica\u00e7\u00e3o da Igreja","publisher":{"@id":"https:\/\/www.kyrioschms.com\/#organization"},"potentialAction":[{"@type":"SearchAction","target":{"@type":"EntryPoint","urlTemplate":"https:\/\/www.kyrioschms.com\/?s={search_term_string}"},"query-input":{"@type":"PropertyValueSpecification","valueRequired":true,"valueName":"search_term_string"}}],"inLanguage":"pt-PT"},{"@type":"Organization","@id":"https:\/\/www.kyrioschms.com\/#organization","name":"Kyrios ChMS","url":"https:\/\/www.kyrioschms.com\/","logo":{"@type":"ImageObject","inLanguage":"pt-PT","@id":"https:\/\/www.kyrioschms.com\/#\/schema\/logo\/image\/","url":"https:\/\/i1.wp.com\/www.kyrioschms.com\/wp-content\/uploads\/2018\/04\/kyrios_chms_logo_azulpkt_hd.png?fit=510%2C190&ssl=1","contentUrl":"https:\/\/i1.wp.com\/www.kyrioschms.com\/wp-content\/uploads\/2018\/04\/kyrios_chms_logo_azulpkt_hd.png?fit=510%2C190&ssl=1","width":510,"height":190,"caption":"Kyrios ChMS"},"image":{"@id":"https:\/\/www.kyrioschms.com\/#\/schema\/logo\/image\/"},"sameAs":["https:\/\/www.facebook.com\/kyrioschms\/","https:\/\/www.instagram.com\/kyrioschms\/","https:\/\/www.linkedin.com\/showcase\/kyrios\/","https:\/\/www.youtube.com\/channel\/UC1GRlmM_rtlhm1widYExwkg"]}]}},"jetpack_sharing_enabled":true,"jetpack_shortlink":"https:\/\/wp.me\/P9TNmE-dT","_links":{"self":[{"href":"http:\/\/www.kyrioschms.com\/pt\/wp-json\/wp\/v2\/pages\/861","targetHints":{"allow":["GET"]}}],"collection":[{"href":"http:\/\/www.kyrioschms.com\/pt\/wp-json\/wp\/v2\/pages"}],"about":[{"href":"http:\/\/www.kyrioschms.com\/pt\/wp-json\/wp\/v2\/types\/page"}],"author":[{"embeddable":true,"href":"http:\/\/www.kyrioschms.com\/pt\/wp-json\/wp\/v2\/users\/1"}],"replies":[{"embeddable":true,"href":"http:\/\/www.kyrioschms.com\/pt\/wp-json\/wp\/v2\/comments?post=861"}],"version-history":[{"count":0,"href":"http:\/\/www.kyrioschms.com\/pt\/wp-json\/wp\/v2\/pages\/861\/revisions"}],"wp:attachment":[{"href":"http:\/\/www.kyrioschms.com\/pt\/wp-json\/wp\/v2\/media?parent=861"}],"curies":[{"name":"wp","href":"https:\/\/api.w.org\/{rel}","templated":true}]}}